{"version":"1.0","provider_name":"da.news","provider_url":"https:\/\/da.news\/es\/","title":"El festival del vino llena de alegr\u00eda el centro de Darmstadt - da.news","type":"rich","width":600,"height":338,"html":"<blockquote class=\"wp-embedded-content\" data-secret=\"ZvZf01Y5lV\"><a href=\"https:\/\/da.news\/es\/el-festival-del-vino-contagia-a-la-ciudad-de-darmstadt-de-un-ambiente-festivo\/\">El festival del vino llena a la ciudad de Darmstadt de un ambiente festivo<\/a><\/blockquote><iframe sandbox=\"allow-scripts\" security=\"restricted\" src=\"https:\/\/da.news\/es\/el-festival-del-vino-contagia-a-la-ciudad-de-darmstadt-de-un-ambiente-festivo\/empotrar\/#?secret=ZvZf01Y5lV\" width=\"600\" height=\"338\" title=\"&quot;El festival del vino llena de alegr&#xED;a el centro de Darmstadt&quot; &#x2013; da.news\" data-secret=\"ZvZf01Y5lV\" frameborder=\"0\" marginwidth=\"0\" marginheight=\"0\" scrolling=\"no\" class=\"wp-embedded-content\"><\/iframe><script>\n\/*! This file is auto-generated *\/\n!function(d,l){\"use strict\";l.querySelector&&d.addEventListener&&\"undefined\"!=typeof URL&&(d.wp=d.wp||{},d.wp.receiveEmbedMessage||(d.wp.receiveEmbedMessage=function(e){var t=e.data;if((t||t.secret||t.message||t.value)&&!\/[^a-zA-Z0-9]\/.test(t.secret)){for(var s,r,n,a=l.querySelectorAll('iframe[data-secret=\"'+t.secret+'\"]'),o=l.querySelectorAll('blockquote[data-secret=\"'+t.secret+'\"]'),c=new RegExp(\"^https?:$\",\"i\"),i=0;i<o.length;i++)o[i].style.display=\"none\";for(i=0;i<a.length;i++)s=a[i],e.source===s.contentWindow&&(s.removeAttribute(\"style\"),\"height\"===t.message?(1e3<(r=parseInt(t.value,10))?r=1e3:~~r<200&&(r=200),s.height=r):\"link\"===t.message&&(r=new URL(s.getAttribute(\"src\")),n=new URL(t.value),c.test(n.protocol))&&n.host===r.host&&l.activeElement===s&&(d.top.location.href=t.value))}},d.addEventListener(\"message\",d.wp.receiveEmbedMessage,!1),l.addEventListener(\"DOMContentLoaded\",function(){for(var e,t,s=l.querySelectorAll(\"iframe.wp-embedded-content\"),r=0;r<s.length;r++)(t=(e=s[r]).getAttribute(\"data-secret\"))||(t=Math.random().toString(36).substring(2,12),e.src+=\"#?secret=\"+t,e.setAttribute(\"data-secret\",t)),e.contentWindow.postMessage({message:\"ready\",secret:t},\"*\")},!1)))}(window,document);\n\/\/# sourceURL=https:\/\/da.news\/wp-includes\/js\/wp-embed.min.js\n<\/script>\n","thumbnail_width":1731,"thumbnail_height":1154,"description":"Vino, compras y actividades familiares del 3 al 6 de septiembre \u2013 Compras el domingo de 13:00 a 18:00. Durante cuatro d\u00edas, el centro de Darmstadt se transformar\u00e1 una vez m\u00e1s en un para\u00edso de delicias y experiencias culinarias: Del jueves 3 al domingo 6 de septiembre, el Festival del Vino de Darmstadt invita a los visitantes a degustar y disfrutar de sus puestos de vino y comida a lo largo de Wilhelminenstra\u00dfe. El festival del vino se complementa con un variado programa de la ciudad que incluye un mercado creativo, un evento ciclista, actividades familiares y compras el domingo. Las tiendas del centro de la ciudad estar\u00e1n abiertas el domingo de 13:00 a 18:00. M\u00e1s de 80 marcas en el \"Mercado de las Cosas Bellas\". Un nuevo atractivo se estrena el domingo: El Mercado de las Cosas Bellas de \u00c5 P\u00c4VI se traslada a Friedensplatz, la Estaci\u00f3n Central y la Carree. De 11:00 a 18:00, m\u00e1s de 80 dise\u00f1adores y fabricantes presentar\u00e1n productos artesanales, desde moda y joyer\u00eda hasta accesorios para el hogar. Camiones de comida, bebidas y un programa familiar complementan el mercado creativo. Una superventa arranca en el antiguo McDonald's. Tambi\u00e9n el domingo, comienza la superventa de las tiendas de moda de Darmstadt. En el antiguo McDonald's en Ernst-Ludwig-Stra\u00dfe 26, cuatro tiendas conocidas est\u00e1n liquidando su stock y ofreciendo moda y ropa urbana a precios reducidos. La venta se extiende del 6 al 12 de septiembre, todos los d\u00edas de 13:00 a 18:00. Las tiendas participantes incluyen Agentur Derbe, MAMACITA, P2 y RAILSLIDE. D\u00eda de Acci\u00f3n de la Bicicleta y Movilidad Infantil en Foco. El domingo, de 11:00 a 16:00, todo en el mercado gira en torno a las bicicletas. En el 15\u00ba D\u00eda de Acci\u00f3n de la Bicicleta de Darmstadt, los visitantes podr\u00e1n encontrar un mercadillo de bicicletas, registro gratuito de bicicletas, revisiones de bicicletas, paseos de prueba con bicitaxis y la ceremonia de entrega de premios de la campa\u00f1a STADTRADELN (Ciclismo Urbano). Por primera vez, se celebrar\u00e1 simult\u00e1neamente un D\u00eda de la Movilidad Infantil, que concienciar\u00e1 de forma l\u00fadica sobre la seguridad vial. La KinderKiste (Caja Infantil) har\u00e1 una parada en el centro de la ciudad. Las familias tambi\u00e9n encontrar\u00e1n algo para disfrutar: la KinderKiste estar\u00e1 en el centro comercial Carree el s\u00e1bado y en Ludwigsplatz el domingo. De 13:00 a 18:00 horas todos los d\u00edas, habr\u00e1 juegos grandes, veh\u00edculos, bloques de construcci\u00f3n y, el domingo, pintacaras disponibles para que los ni\u00f1os se unan a la diversi\u00f3n. El Festival del Vino de un vistazo: del jueves 3 al domingo 6 de septiembre: Festival del Vino de Darmstadt en Wilhelminenstra\u00dfe; domingo 6 de septiembre: Domingo Abierto (13:00-18:00 horas); domingo, de 11:00 a 18:00 horas: Mercado de Cosas Bonitas; domingo, de 11:00 a 16:00 horas: D\u00eda de Acci\u00f3n de la Bicicleta y D\u00eda de la Movilidad Infantil; S\u00e1bado y domingo, de 13:00 a 18:00: KinderKiste en el centro de la ciudad (DARMSTADT \u2013 RED\/PM\/CM). Imagen destacada: Nouki Ehlers"}