{"version":"1.0","provider_name":"da.news","provider_url":"https:\/\/da.news\/fr\/","title":"Un concert d'orgue joyeux au Festival des vins de Darmstadt \u00e0 Saint-Ludwig - da.news","type":"rich","width":600,"height":338,"html":"<blockquote class=\"wp-embedded-content\" data-secret=\"CLJxcZtFyZ\"><a href=\"https:\/\/da.news\/fr\/un-joyeux-concert-dorgue-pour-la-fete-du-vin-de-darmstadt-a-saint-louis\/\">Un joyeux concert d&apos;orgue pour la F&#xEA;te du Vin de Darmstadt &#xE0; Saint-Ludwig<\/a><\/blockquote><iframe sandbox=\"allow-scripts\" security=\"restricted\" src=\"https:\/\/da.news\/fr\/un-joyeux-concert-dorgue-pour-la-fete-du-vin-de-darmstadt-a-saint-louis\/integrer\/#?secret=CLJxcZtFyZ\" width=\"600\" height=\"338\" title=\"&#xAB; Un concert d&apos;orgue joyeux au Festival des vins de Darmstadt &#xE0; Saint-Ludwig &#xBB; &#x2013; da.news\" data-secret=\"CLJxcZtFyZ\" frameborder=\"0\" marginwidth=\"0\" marginheight=\"0\" scrolling=\"no\" class=\"wp-embedded-content\"><\/iframe><script>\n\/*! This file is auto-generated *\/\n!function(d,l){\"use strict\";l.querySelector&&d.addEventListener&&\"undefined\"!=typeof URL&&(d.wp=d.wp||{},d.wp.receiveEmbedMessage||(d.wp.receiveEmbedMessage=function(e){var t=e.data;if((t||t.secret||t.message||t.value)&&!\/[^a-zA-Z0-9]\/.test(t.secret)){for(var s,r,n,a=l.querySelectorAll('iframe[data-secret=\"'+t.secret+'\"]'),o=l.querySelectorAll('blockquote[data-secret=\"'+t.secret+'\"]'),c=new RegExp(\"^https?:$\",\"i\"),i=0;i<o.length;i++)o[i].style.display=\"none\";for(i=0;i<a.length;i++)s=a[i],e.source===s.contentWindow&&(s.removeAttribute(\"style\"),\"height\"===t.message?(1e3<(r=parseInt(t.value,10))?r=1e3:~~r<200&&(r=200),s.height=r):\"link\"===t.message&&(r=new URL(s.getAttribute(\"src\")),n=new URL(t.value),c.test(n.protocol))&&n.host===r.host&&l.activeElement===s&&(d.top.location.href=t.value))}},d.addEventListener(\"message\",d.wp.receiveEmbedMessage,!1),l.addEventListener(\"DOMContentLoaded\",function(){for(var e,t,s=l.querySelectorAll(\"iframe.wp-embedded-content\"),r=0;r<s.length;r++)(t=(e=s[r]).getAttribute(\"data-secret\"))||(t=Math.random().toString(36).substring(2,12),e.src+=\"#?secret=\"+t,e.setAttribute(\"data-secret\",t)),e.contentWindow.postMessage({message:\"ready\",secret:t},\"*\")},!1)))}(window,document);\n\/\/# sourceURL=https:\/\/da.news\/wp-includes\/js\/wp-embed.min.js\n<\/script>\n","thumbnail_width":3024,"thumbnail_height":4032,"description":"Otto Maria Kr\u00e4mer improvisera le 5 septembre. Un concert d'orgue aura lieu \u00e0 l'\u00e9glise Saint-Ludwig le samedi 5 septembre 2026 \u00e0 18h00, dans le cadre de la F\u00eate du Vin de Darmstadt. Intitul\u00e9 \u00ab\u00a0Dans une fr\u00e9n\u00e9sie sonore\u00a0\u00bb, ce concert mettra en vedette Otto Maria Kr\u00e4mer \u00e0 l'orgue Winterhalter de l'\u00e9glise. L'entr\u00e9e est libre\u00a0; les dons sont les bienvenus. Ce concert traditionnel de la F\u00eate du Vin m\u00eale des pi\u00e8ces joyeuses et entra\u00eenantes \u00e0 des m\u00e9lodies m\u00e9lancoliques. L'improvisation est \u00e0 l'honneur\u00a0: Kr\u00e4mer int\u00e9grera les suggestions du public et d\u00e9veloppera les m\u00e9lodies demand\u00e9es \u00e0 l'orgue. Demandes de m\u00e9lodies pour le concert d'orgue de Saint-Ludwig\u00a0: toute personne souhaitant entendre une m\u00e9lodie particuli\u00e8re peut envoyer sa demande par courriel \u00e0 sandau@st-ludwig-darmstadt.de avant le concert. Les visiteurs peuvent \u00e9galement soumettre leurs suggestions \u00e0 l'entr\u00e9e jusqu'\u00e0 15 minutes avant le d\u00e9but du concert. Dans ce cas, les organisateurs conseillent de fournir un exemple musical. Ce concert s'inscrit dans le cadre des Semaines de l'orgue, organis\u00e9es en collaboration avec la ville de Darmstadt et dans le cadre de l'\u00c9t\u00e9 culturel de la Hesse m\u00e9ridionale. Ces Semaines de l'orgue sont financ\u00e9es par le minist\u00e8re hessois de la Science et des Arts et soutenues par la Fondation culturelle Sparkasse de Hesse-Thuringe. L'entr\u00e9e est libre\u00a0; les dons sont les bienvenus. (RED\/PM\/Chant r\u00e9gional Jorin Sandau)"}