{"version":"1.0","provider_name":"da.news","provider_url":"https:\/\/da.news\/fr\/","title":"Campagne de collecte des d\u00e9chets \u00e0 Eberstadt-S\u00fcd le 14 mars - da.news","type":"rich","width":600,"height":338,"html":"<blockquote class=\"wp-embedded-content\" data-secret=\"cpGgAwZ0tY\"><a href=\"https:\/\/da.news\/fr\/campagne-de-ramassage-des-dechets-deberstadt-sud-2026\/\">Campagne de collecte des d&#xE9;chets &#xE0; Eberstadt-S&#xFC;d le 14 mars<\/a><\/blockquote><iframe sandbox=\"allow-scripts\" security=\"restricted\" src=\"https:\/\/da.news\/fr\/campagne-de-ramassage-des-dechets-deberstadt-sud-2026\/integrer\/#?secret=cpGgAwZ0tY\" width=\"600\" height=\"338\" title=\"&amp;quot;Campagne de collecte des d&#xE9;chets &#xE0; Eberstadt-S&#xFC;d le 14 mars&amp;quot; &#x2013; da.news\" data-secret=\"cpGgAwZ0tY\" frameborder=\"0\" marginwidth=\"0\" marginheight=\"0\" scrolling=\"no\" class=\"wp-embedded-content\"><\/iframe><script type=\"text\/javascript\">\n\/* <![CDATA[ *\/\n\/*! This file is auto-generated *\/\n!function(d,l){\"use strict\";l.querySelector&&d.addEventListener&&\"undefined\"!=typeof URL&&(d.wp=d.wp||{},d.wp.receiveEmbedMessage||(d.wp.receiveEmbedMessage=function(e){var t=e.data;if((t||t.secret||t.message||t.value)&&!\/[^a-zA-Z0-9]\/.test(t.secret)){for(var s,r,n,a=l.querySelectorAll('iframe[data-secret=\"'+t.secret+'\"]'),o=l.querySelectorAll('blockquote[data-secret=\"'+t.secret+'\"]'),c=new RegExp(\"^https?:$\",\"i\"),i=0;i<o.length;i++)o[i].style.display=\"none\";for(i=0;i<a.length;i++)s=a[i],e.source===s.contentWindow&&(s.removeAttribute(\"style\"),\"height\"===t.message?(1e3<(r=parseInt(t.value,10))?r=1e3:~~r<200&&(r=200),s.height=r):\"link\"===t.message&&(r=new URL(s.getAttribute(\"src\")),n=new URL(t.value),c.test(n.protocol))&&n.host===r.host&&l.activeElement===s&&(d.top.location.href=t.value))}},d.addEventListener(\"message\",d.wp.receiveEmbedMessage,!1),l.addEventListener(\"DOMContentLoaded\",function(){for(var e,t,s=l.querySelectorAll(\"iframe.wp-embedded-content\"),r=0;r<s.length;r++)(t=(e=s[r]).getAttribute(\"data-secret\"))||(t=Math.random().toString(36).substring(2,12),e.src+=\"#?secret=\"+t,e.setAttribute(\"data-secret\",t)),e.contentWindow.postMessage({message:\"ready\",secret:t},\"*\")},!1)))}(window,document);\n\/\/# sourceURL=https:\/\/da.news\/wp-includes\/js\/wp-embed.min.js\n\/* ]]> *\/\n<\/script>\n","thumbnail_width":2560,"thumbnail_height":1703,"description":"Le Centre Caritas vous invite \u00e0 une op\u00e9ration de nettoyage \u00e0 Eberstadt. Le Centre Caritas d'Eberstadt Sud organise une op\u00e9ration de ramassage des d\u00e9chets dans le quartier d'Eberstadt-Sud le samedi 14 mars 2026. Le rassemblement d\u00e9butera \u00e0 10h00 devant le Centre Caritas, situ\u00e9 au 33 rue Kirchtanne. L'\u00e9v\u00e9nement se terminera vers 12h30 par un repas de remerciement au Caf\u00e9 (N)Immersatt. L'objectif de cette initiative est de manifester collectivement notre engagement en faveur de la protection de l'environnement et du d\u00e9veloppement durable, et de renforcer le lien social. Les habitants, les \u00e9coles, les associations et toute personne int\u00e9ress\u00e9e sont invit\u00e9s \u00e0 participer. Soutien des partenaires locaux\u00a0: Cette op\u00e9ration de ramassage des d\u00e9chets est rendue possible gr\u00e2ce au soutien de plusieurs partenaires, notamment Bauverein AG, le service des travaux publics, la Fondation Wilhelm Emmanuel von Ketteler et KatholischLebenEberstadt e.V. Ils apportent un soutien financier et mat\u00e9riel pour assurer le succ\u00e8s de l'\u00e9v\u00e9nement. Par ailleurs, cette initiative repose sur l'engagement de nombreux b\u00e9n\u00e9voles et contributeurs qui participent \u00e0 sa planification et \u00e0 sa mise en \u0153uvre. La campagne de ramassage des d\u00e9chets s'inscrit dans le cadre des efforts d\u00e9ploy\u00e9s pour maintenir la propret\u00e9 d'Eberstadt et renforcer la sensibilisation \u00e0 l'environnement dans le quartier. (RED\/PM)"}