{"version":"1.0","provider_name":"da.news","provider_url":"https:\/\/da.news\/fr\/","title":"Le festival du vin met le centre-ville de Darmstadt en f\u00eate - da.news","type":"rich","width":600,"height":338,"html":"<blockquote class=\"wp-embedded-content\" data-secret=\"KCsuWElanI\"><a href=\"https:\/\/da.news\/fr\/le-festival-du-vin-met-la-ville-de-darmstadt-en-fete\/\">Le festival du vin met la ville de Darmstadt en f&#xEA;te<\/a><\/blockquote><iframe sandbox=\"allow-scripts\" security=\"restricted\" src=\"https:\/\/da.news\/fr\/le-festival-du-vin-met-la-ville-de-darmstadt-en-fete\/integrer\/#?secret=KCsuWElanI\" width=\"600\" height=\"338\" title=\"&#xAB;&#xA0;Le festival du vin met le centre-ville de Darmstadt en f&#xEA;te&#xA0;&#xBB; &#x2013; da.news\" data-secret=\"KCsuWElanI\" frameborder=\"0\" marginwidth=\"0\" marginheight=\"0\" scrolling=\"no\" class=\"wp-embedded-content\"><\/iframe><script>\n\/*! This file is auto-generated *\/\n!function(d,l){\"use strict\";l.querySelector&&d.addEventListener&&\"undefined\"!=typeof URL&&(d.wp=d.wp||{},d.wp.receiveEmbedMessage||(d.wp.receiveEmbedMessage=function(e){var t=e.data;if((t||t.secret||t.message||t.value)&&!\/[^a-zA-Z0-9]\/.test(t.secret)){for(var s,r,n,a=l.querySelectorAll('iframe[data-secret=\"'+t.secret+'\"]'),o=l.querySelectorAll('blockquote[data-secret=\"'+t.secret+'\"]'),c=new RegExp(\"^https?:$\",\"i\"),i=0;i<o.length;i++)o[i].style.display=\"none\";for(i=0;i<a.length;i++)s=a[i],e.source===s.contentWindow&&(s.removeAttribute(\"style\"),\"height\"===t.message?(1e3<(r=parseInt(t.value,10))?r=1e3:~~r<200&&(r=200),s.height=r):\"link\"===t.message&&(r=new URL(s.getAttribute(\"src\")),n=new URL(t.value),c.test(n.protocol))&&n.host===r.host&&l.activeElement===s&&(d.top.location.href=t.value))}},d.addEventListener(\"message\",d.wp.receiveEmbedMessage,!1),l.addEventListener(\"DOMContentLoaded\",function(){for(var e,t,s=l.querySelectorAll(\"iframe.wp-embedded-content\"),r=0;r<s.length;r++)(t=(e=s[r]).getAttribute(\"data-secret\"))||(t=Math.random().toString(36).substring(2,12),e.src+=\"#?secret=\"+t,e.setAttribute(\"data-secret\",t)),e.contentWindow.postMessage({message:\"ready\",secret:t},\"*\")},!1)))}(window,document);\n\/\/# sourceURL=https:\/\/da.news\/wp-includes\/js\/wp-embed.min.js\n<\/script>\n","thumbnail_width":1731,"thumbnail_height":1154,"description":"Du 3 au 6 septembre, profitez de vins, de boutiques et d'activit\u00e9s familiales \u2013 Shopping le dimanche de 13h \u00e0 18h. Pendant quatre jours, le centre-ville de Darmstadt se transforme en un v\u00e9ritable paradis pour les gourmands et les amateurs de d\u00e9couvertes culinaires : du jeudi 3 au dimanche 6 septembre, le Festival des Vins de Darmstadt vous invite \u00e0 d\u00e9guster ses vins et ses sp\u00e9cialit\u00e9s sur les stands de la Wilhelminenstra\u00dfe. Au programme \u00e9galement : un march\u00e9 cr\u00e9atif, une balade \u00e0 v\u00e9lo, des animations pour toute la famille et du shopping le dimanche. Les boutiques du centre-ville seront ouvertes de 13h \u00e0 18h. Plus de 80 marques vous attendent au \u00ab March\u00e9 des Belles Choses \u00bb. Nouveaut\u00e9 ce dimanche : le March\u00e9 des Belles Choses d'\u00c5 P\u00c4VI s'installe sur la Friedensplatz, \u00e0 la Gare Centrale et sur le Carr\u00e9. De 11h \u00e0 18h, plus de 80 cr\u00e9ateurs et artisans pr\u00e9senteront leurs cr\u00e9ations \u2013 mode, bijoux, accessoires de d\u00e9coration\u2026 Des food trucks, des boissons et des animations pour toute la famille compl\u00e8tent ce march\u00e9 cr\u00e9atif. Une super vente commence dans l'ancien McDonald's. Ce dimanche \u00e9galement, les boutiques branch\u00e9es de Darmstadt organisent leur grande braderie. Dans l'ancien McDonald's situ\u00e9 au 26, Ernst-Ludwig-Stra\u00dfe, quatre enseignes renomm\u00e9es liquident leurs stocks et proposent des v\u00eatements et accessoires streetwear \u00e0 prix r\u00e9duits. La vente se d\u00e9roule du 6 au 12 septembre, tous les jours de 13h \u00e0 18h. Parmi les boutiques participantes : Agentur Derbe, MAMACITA, P2 et RAILSLIDE. Journ\u00e9e d'action pour le v\u00e9lo et priorit\u00e9 \u00e0 la mobilit\u00e9 des enfants. Ce dimanche, de 11h \u00e0 16h, le march\u00e9 est enti\u00e8rement d\u00e9di\u00e9 au v\u00e9lo. Pour la 15e Journ\u00e9e d'action pour le v\u00e9lo de Darmstadt, les visiteurs pourront profiter d'un march\u00e9 aux puces du v\u00e9lo, d'un enregistrement gratuit des v\u00e9los, de contr\u00f4les de v\u00e9los, d'essais de pousse-pousse et de la remise des prix de la campagne STADTRADELN (V\u00e9lo en ville). Pour la premi\u00e8re fois, une Journ\u00e9e de la mobilit\u00e9 des enfants se d\u00e9roulera simultan\u00e9ment, sensibilisant de mani\u00e8re ludique \u00e0 la s\u00e9curit\u00e9 routi\u00e8re. La KinderKiste (Bo\u00eete \u00e0 enfants) fera une halte en centre-ville. Les familles y trouveront \u00e9galement leur compte\u00a0: la KinderKiste sera pr\u00e9sente au centre commercial Carree le samedi et \u00e0 Ludwigsplatz le dimanche. De 13h \u00e0 18h chaque jour, des jeux de soci\u00e9t\u00e9, des v\u00e9hicules, des blocs de construction et, le dimanche, du maquillage seront propos\u00e9s aux enfants. Aper\u00e7u du Festival du vin\u00a0: du jeudi 3 au dimanche 6 septembre\u00a0: Festival du vin de Darmstadt, Wilhelminenstra\u00dfe\u00a0; dimanche 6 septembre\u00a0: Journ\u00e9e portes ouvertes (13h-18h)\u00a0; dimanche, de 11h \u00e0 18h\u00a0: March\u00e9 des belles choses\u00a0; dimanche, de 11h \u00e0 16h\u00a0: Journ\u00e9e d\u2019action pour le v\u00e9lo et Journ\u00e9e de la mobilit\u00e9 des enfants. Samedi et dimanche, de 13h \u00e0 18h\u00a0: KinderKiste en centre-ville (DARMSTADT \u2013 RED\/PM\/CM) Image \u00e0 la une\u00a0: Nouki Ehlers"}