{"version":"1.0","provider_name":"da.news","provider_url":"https:\/\/da.news\/pl\/","title":"Festiwal wina wprowadza do centrum Darmstadt nastr\u00f3j \u015bwi\u0105teczny - da.news","type":"rich","width":600,"height":338,"html":"<blockquote class=\"wp-embedded-content\" data-secret=\"SFzxyiIjl1\"><a href=\"https:\/\/da.news\/pl\/festiwal-wina-wprowadza-miasto-darmstadt-w-radosny-nastroj\/\">Festiwal wina wprowadza miasto Darmstadt w radosny nastr&#xF3;j<\/a><\/blockquote><iframe sandbox=\"allow-scripts\" security=\"restricted\" src=\"https:\/\/da.news\/pl\/festiwal-wina-wprowadza-miasto-darmstadt-w-radosny-nastroj\/osadzac\/#?secret=SFzxyiIjl1\" width=\"600\" height=\"338\" title=\"&#x201E;Festiwal wina wprowadza w centrum Darmstadt radosny nastr&#xF3;j&#x201D; &#x2013; da.news\" data-secret=\"SFzxyiIjl1\" frameborder=\"0\" marginwidth=\"0\" marginheight=\"0\" scrolling=\"no\" class=\"wp-embedded-content\"><\/iframe><script>\n\/*! This file is auto-generated *\/\n!function(d,l){\"use strict\";l.querySelector&&d.addEventListener&&\"undefined\"!=typeof URL&&(d.wp=d.wp||{},d.wp.receiveEmbedMessage||(d.wp.receiveEmbedMessage=function(e){var t=e.data;if((t||t.secret||t.message||t.value)&&!\/[^a-zA-Z0-9]\/.test(t.secret)){for(var s,r,n,a=l.querySelectorAll('iframe[data-secret=\"'+t.secret+'\"]'),o=l.querySelectorAll('blockquote[data-secret=\"'+t.secret+'\"]'),c=new RegExp(\"^https?:$\",\"i\"),i=0;i<o.length;i++)o[i].style.display=\"none\";for(i=0;i<a.length;i++)s=a[i],e.source===s.contentWindow&&(s.removeAttribute(\"style\"),\"height\"===t.message?(1e3<(r=parseInt(t.value,10))?r=1e3:~~r<200&&(r=200),s.height=r):\"link\"===t.message&&(r=new URL(s.getAttribute(\"src\")),n=new URL(t.value),c.test(n.protocol))&&n.host===r.host&&l.activeElement===s&&(d.top.location.href=t.value))}},d.addEventListener(\"message\",d.wp.receiveEmbedMessage,!1),l.addEventListener(\"DOMContentLoaded\",function(){for(var e,t,s=l.querySelectorAll(\"iframe.wp-embedded-content\"),r=0;r<s.length;r++)(t=(e=s[r]).getAttribute(\"data-secret\"))||(t=Math.random().toString(36).substring(2,12),e.src+=\"#?secret=\"+t,e.setAttribute(\"data-secret\",t)),e.contentWindow.postMessage({message:\"ready\",secret:t},\"*\")},!1)))}(window,document);\n\/\/# sourceURL=https:\/\/da.news\/wp-includes\/js\/wp-embed.min.js\n<\/script>\n","thumbnail_width":1731,"thumbnail_height":1154,"description":"Wino, zakupy i atrakcje rodzinne od 3 do 6 wrze\u015bnia \u2013 niedzielne zakupy od 13:00 do 18:00. Przez cztery dni centrum Darmstadt ponownie zamieni si\u0119 w oaz\u0119 kulinarnych rozkoszy i dozna\u0144: od czwartku, 3 wrze\u015bnia, do niedzieli, 6 wrze\u015bnia, Darmstadt Wine Festival zaprasza odwiedzaj\u0105cych do degustacji i sp\u0119dzenia czasu na stoiskach z winem i jedzeniem wzd\u0142u\u017c Wilhelminenstra\u00dfe. Festiwal wina uzupe\u0142nia bogaty program miejski, obejmuj\u0105cy targ kreatywny, imprez\u0119 rowerow\u0105, atrakcje dla rodzin i niedzielne zakupy. Sklepy w centrum miasta b\u0119d\u0105 otwarte w niedziel\u0119 od 13:00 do 18:00. Ponad 80 marek na \u201eTargu Pi\u0119knych Rzeczy\u201d. W niedziel\u0119 premiera nowej atrakcji: Targ Pi\u0119knych Rzeczy w \u00c5 P\u00c4VI przenosi si\u0119 na Friedensplatz, Dworzec Centralny i Carree. Od 11:00 do 18:00 ponad 80 projektant\u00f3w i producent\u00f3w zaprezentuje r\u0119kodzie\u0142o \u2013 od mody i bi\u017cuterii po akcesoria do domu. Targ kreatywny uzupe\u0142niaj\u0105 food trucki, napoje i program rodzinny. W dawnym McDonald's rozpoczyna si\u0119 superwyprzeda\u017c. R\u00f3wnie\u017c w niedziel\u0119 rozpoczyna si\u0119 superwyprzeda\u017c w modnych sklepach Darmstadt. W dawnym McDonald's przy Ernst-Ludwig-Stra\u00dfe 26 cztery znane sklepy wyprzedaj\u0105 sw\u00f3j asortyment, oferuj\u0105c mod\u0119 i odzie\u017c uliczn\u0105 w obni\u017conych cenach. Wyprzeda\u017c trwa od 6 do 12 wrze\u015bnia, codziennie od 13:00 do 18:00. W\u015br\u00f3d sklep\u00f3w bior\u0105cych udzia\u0142 w akcji znajduj\u0105 si\u0119 Agentur Derbe, MAMACITA, P2 i RAILSLIDE. Bike Action Day i Children's Mobility in Focus. W niedziel\u0119, od 11:00 do 16:00, wszystko na targu kr\u0119ci si\u0119 wok\u00f3\u0142 rower\u00f3w. Podczas 15. Darmstadt Bike Action Day odwiedzaj\u0105cy mog\u0105 spodziewa\u0107 si\u0119 pchlego targu rowerowego, bezp\u0142atnej rejestracji rower\u00f3w, przegl\u0105d\u00f3w rower\u00f3w, przeja\u017cd\u017cek testowych rikszami oraz ceremonii wr\u0119czenia nagr\u00f3d dla kampanii STADTRADELN (City Cycling). Po raz pierwszy w tym samym czasie odb\u0119dzie si\u0119 Dzie\u0144 Mobilno\u015bci Dzieci, kt\u00f3ry w zabawny spos\u00f3b podniesie \u015bwiadomo\u015b\u0107 bezpiecze\u0144stwa na drodze. KinderKiste (Dzieci\u0119ce Pude\u0142ko) zatrzyma si\u0119 w centrum miasta. Rodziny r\u00f3wnie\u017c znajd\u0105 co\u015b dla siebie: KinderKiste b\u0119dzie w sobot\u0119 w centrum handlowym Carree, a w niedziel\u0119 na Ludwigsplatz. Ka\u017cdego dnia od 13:00 do 18:00 dost\u0119pne b\u0119d\u0105 du\u017ce gry, pojazdy, klocki, a w niedziel\u0119 malowanie twarzy, aby dzieci mog\u0142y do\u0142\u0105czy\u0107 do zabawy. Festiwal Wina w skr\u00f3cie: Czwartek, 3 wrze\u015bnia - niedziela, 6 wrze\u015bnia: Festiwal Wina Darmstadt na Wilhelminenstra\u00dfe; Niedziela, 6 wrze\u015bnia: Otwarte w niedziel\u0119 (13:00\u201318:00); Niedziela, 11:00\u201318:00: Targ Pi\u0119knych Rzeczy; Niedziela, 11:00\u201316:00: Dzie\u0144 Akcji Rowerowej i Dzie\u0144 Mobilno\u015bci Dzieci; Sobota i niedziela, godz. 13:00\u201318:00: KinderKiste w centrum miasta (DARMSTADT \u2013 RED\/PM\/CM) Zdj\u0119cie g\u0142\u00f3wne: Nouki Ehlers"}