{"version":"1.0","provider_name":"da.haberler","provider_url":"https:\/\/da.news\/tr\/","title":"St. Ludwig'deki Darmstadt \u015earap Festivali'nde ne\u015feli bir org konseri - da.news","type":"rich","width":600,"height":338,"html":"<blockquote class=\"wp-embedded-content\" data-secret=\"nARN0Oc09u\"><a href=\"https:\/\/da.news\/tr\/st.-ludwigdeki-darmstadt-sarap-festivali-icin-neseli-bir-org-konseri\/\">St. Ludwig&apos;deki Darmstadt &#x15E;arap Festivali i&#xE7;in ne&#x15F;eli bir org konseri<\/a><\/blockquote><iframe sandbox=\"allow-scripts\" security=\"restricted\" src=\"https:\/\/da.news\/tr\/st.-ludwigdeki-darmstadt-sarap-festivali-icin-neseli-bir-org-konseri\/gommek\/#?secret=nARN0Oc09u\" width=\"600\" height=\"338\" title=\"&#x201C;St. Ludwig&apos;deki Darmstadt &#x15E;arap Festivali&apos;nde ne&#x15F;eli bir org konseri&#x201D; &#x2013; da.news\" data-secret=\"nARN0Oc09u\" frameborder=\"0\" marginwidth=\"0\" marginheight=\"0\" scrolling=\"no\" class=\"wp-embedded-content\"><\/iframe><script>\n\/*! This file is auto-generated *\/\n!function(d,l){\"use strict\";l.querySelector&&d.addEventListener&&\"undefined\"!=typeof URL&&(d.wp=d.wp||{},d.wp.receiveEmbedMessage||(d.wp.receiveEmbedMessage=function(e){var t=e.data;if((t||t.secret||t.message||t.value)&&!\/[^a-zA-Z0-9]\/.test(t.secret)){for(var s,r,n,a=l.querySelectorAll('iframe[data-secret=\"'+t.secret+'\"]'),o=l.querySelectorAll('blockquote[data-secret=\"'+t.secret+'\"]'),c=new RegExp(\"^https?:$\",\"i\"),i=0;i<o.length;i++)o[i].style.display=\"none\";for(i=0;i<a.length;i++)s=a[i],e.source===s.contentWindow&&(s.removeAttribute(\"style\"),\"height\"===t.message?(1e3<(r=parseInt(t.value,10))?r=1e3:~~r<200&&(r=200),s.height=r):\"link\"===t.message&&(r=new URL(s.getAttribute(\"src\")),n=new URL(t.value),c.test(n.protocol))&&n.host===r.host&&l.activeElement===s&&(d.top.location.href=t.value))}},d.addEventListener(\"message\",d.wp.receiveEmbedMessage,!1),l.addEventListener(\"DOMContentLoaded\",function(){for(var e,t,s=l.querySelectorAll(\"iframe.wp-embedded-content\"),r=0;r<s.length;r++)(t=(e=s[r]).getAttribute(\"data-secret\"))||(t=Math.random().toString(36).substring(2,12),e.src+=\"#?secret=\"+t,e.setAttribute(\"data-secret\",t)),e.contentWindow.postMessage({message:\"ready\",secret:t},\"*\")},!1)))}(window,document);\n\/\/# sourceURL=https:\/\/da.news\/wp-includes\/js\/wp-embed.min.js\n<\/script>\n","thumbnail_width":3024,"thumbnail_height":4032,"description":"Otto Maria Kr\u00e4mer 5 Eyl\u00fcl'de do\u011fa\u00e7lama yap\u0131yor. Darmstadt \u015earap Festivali kapsam\u0131nda, 5 Eyl\u00fcl 2026 Cumartesi g\u00fcn\u00fc saat 18:00'de St. Ludwig Kilisesi'nde bir org konseri d\u00fczenlenecek. \"Ses \u00c7\u0131lg\u0131nl\u0131\u011f\u0131 \u0130\u00e7inde\" ba\u015fl\u0131kl\u0131 konserde Otto Maria Kr\u00e4mer, Darmstadt kilisesindeki Winterhalter orgunu \u00e7alacak. Giri\u015f \u00fccretsizdir; ba\u011f\u0131\u015flar memnuniyetle kabul edilir. Bu geleneksel \u015farap festivali konseri, ne\u015feli ve canl\u0131 par\u00e7alar\u0131 melankolik melodilerle birle\u015ftiriyor. Do\u011fa\u00e7lama \u00f6n planda yer al\u0131yor; Kr\u00e4mer, izleyicilerden gelen \u00f6nerileri dikkate alarak ve istenen melodileri orgda geli\u015ftirerek performans sergiliyor. St. Ludwig org konseri i\u00e7in melodi istekleri: Belirli bir melodiyi duymak isteyen herkes, konserden \u00f6nce sandau@st-ludwig-darmstadt.de adresine e-posta yoluyla isteklerini g\u00f6nderebilir. Alternatif olarak, ziyaret\u00e7iler konserin ba\u015flamas\u0131ndan 15 dakika \u00f6ncesine kadar giri\u015fte \u00f6nerilerini sunabilirler. Bu durumda, organizat\u00f6rler m\u00fczikal bir \u00f6rne\u011fin faydal\u0131 olaca\u011f\u0131n\u0131 belirtiyor. Konser, Darmstadt \u015fehri ile i\u015fbirli\u011fi i\u00e7inde ve G\u00fcney Hessen K\u00fclt\u00fcr Yaz\u0131 kapsam\u0131nda d\u00fczenlenen org haftalar\u0131n\u0131n bir par\u00e7as\u0131d\u0131r. Org haftalar\u0131, Hessen Bilim ve Sanat Bakanl\u0131\u011f\u0131 taraf\u0131ndan finanse edilmekte ve Hessen-T\u00fcringiya Sparkasse K\u00fclt\u00fcr Vakf\u0131 taraf\u0131ndan desteklenmektedir. Giri\u015f \u00fccretsizdir; ba\u011f\u0131\u015flar memnuniyetle kabul edilir. (RED\/PM\/B\u00f6lgesel Kantor Jorin Sandau)"}