{"version":"1.0","provider_name":"da.haberler","provider_url":"https:\/\/da.news\/tr\/","title":"14 Mart'ta Eberstadt-S\u00fcd'de \u00e7\u00f6p toplama kampanyas\u0131 - da.news","type":"rich","width":600,"height":338,"html":"<blockquote class=\"wp-embedded-content\" data-secret=\"hrocY5lhZW\"><a href=\"https:\/\/da.news\/tr\/eberstadt-guney-cop-toplama-kampanyasi-2026\/\">14 Mart&apos;ta Eberstadt-S&#xFC;d&apos;de &#xE7;&#xF6;p toplama kampanyas&#x131;<\/a><\/blockquote><iframe sandbox=\"allow-scripts\" security=\"restricted\" src=\"https:\/\/da.news\/tr\/eberstadt-guney-cop-toplama-kampanyasi-2026\/gommek\/#?secret=hrocY5lhZW\" width=\"600\" height=\"338\" title=\"&amp;quot;14 Mart&amp;#39;ta Eberstadt-S&#xFC;d&amp;#39;de &#xE7;&#xF6;p toplama kampanyas&#x131;&amp;quot; &#x2013; da.news\" data-secret=\"hrocY5lhZW\" frameborder=\"0\" marginwidth=\"0\" marginheight=\"0\" scrolling=\"no\" class=\"wp-embedded-content\"><\/iframe><script type=\"text\/javascript\">\n\/* <![CDATA[ *\/\n\/*! This file is auto-generated *\/\n!function(d,l){\"use strict\";l.querySelector&&d.addEventListener&&\"undefined\"!=typeof URL&&(d.wp=d.wp||{},d.wp.receiveEmbedMessage||(d.wp.receiveEmbedMessage=function(e){var t=e.data;if((t||t.secret||t.message||t.value)&&!\/[^a-zA-Z0-9]\/.test(t.secret)){for(var s,r,n,a=l.querySelectorAll('iframe[data-secret=\"'+t.secret+'\"]'),o=l.querySelectorAll('blockquote[data-secret=\"'+t.secret+'\"]'),c=new RegExp(\"^https?:$\",\"i\"),i=0;i<o.length;i++)o[i].style.display=\"none\";for(i=0;i<a.length;i++)s=a[i],e.source===s.contentWindow&&(s.removeAttribute(\"style\"),\"height\"===t.message?(1e3<(r=parseInt(t.value,10))?r=1e3:~~r<200&&(r=200),s.height=r):\"link\"===t.message&&(r=new URL(s.getAttribute(\"src\")),n=new URL(t.value),c.test(n.protocol))&&n.host===r.host&&l.activeElement===s&&(d.top.location.href=t.value))}},d.addEventListener(\"message\",d.wp.receiveEmbedMessage,!1),l.addEventListener(\"DOMContentLoaded\",function(){for(var e,t,s=l.querySelectorAll(\"iframe.wp-embedded-content\"),r=0;r<s.length;r++)(t=(e=s[r]).getAttribute(\"data-secret\"))||(t=Math.random().toString(36).substring(2,12),e.src+=\"#?secret=\"+t,e.setAttribute(\"data-secret\",t)),e.contentWindow.postMessage({message:\"ready\",secret:t},\"*\")},!1)))}(window,document);\n\/\/# sourceURL=https:\/\/da.news\/wp-includes\/js\/wp-embed.min.js\n\/* ]]> *\/\n<\/script>\n","thumbnail_width":2560,"thumbnail_height":1703,"description":"Caritas Merkezi Sizi Eberstadt'ta Bir Temizlik Etkinli\u011fine Davet Ediyor. Caritas Merkezi Eberstadt G\u00fcney, 14 Mart 2026 Cumartesi g\u00fcn\u00fc Eberstadt-G\u00fcney b\u00f6lgesinde bir \u00e7\u00f6p toplama etkinli\u011fi d\u00fczenliyor. Etkinlik, saat 10:00'da Kirchtanne 33 adresindeki Caritas Merkezi \u00f6n\u00fcnde ba\u015flayacak. Etkinlik, saat 12:30 civar\u0131nda Caf\u00e9 (N)Immersatt'ta bir te\u015fekk\u00fcr yeme\u011fiyle sona erecek. Etkinli\u011fin amac\u0131, \u00e7evre koruma ve s\u00fcrd\u00fcr\u00fclebilirli\u011fe olan ba\u011fl\u0131l\u0131\u011f\u0131 kolektif olarak g\u00f6stermek ve topluluk ruhunu g\u00fc\u00e7lendirmektir. Sakinler, okullar, kul\u00fcpler ve di\u011fer ilgili taraflar kat\u0131lmaya davetlidir. Yerel Ortaklardan Destek: \u00c7\u00f6p toplama etkinli\u011fi, Bauverein AG, belediye hizmetleri departman\u0131, Wilhelm Emmanuel von Ketteler Vakf\u0131 ve KatholischLebenEberstadt e.V. dahil olmak \u00fczere \u00e7e\u015fitli ortaklar\u0131n deste\u011fiyle m\u00fcmk\u00fcn olmaktad\u0131r. Etkinli\u011fin ba\u015far\u0131s\u0131n\u0131 sa\u011flamak i\u00e7in mali ve maddi destek sa\u011flamaktad\u0131rlar. Ayr\u0131ca, bu giri\u015fim, planlama ve uygulama konusunda yard\u0131mc\u0131 olan \u00e7ok say\u0131da g\u00f6n\u00fcll\u00fc ve katk\u0131da bulunan\u0131n \u00f6zverisine dayanmaktad\u0131r. \u00c7\u00f6p toplama kampanyas\u0131, Eberstadt'\u0131 s\u00fcrd\u00fcr\u00fclebilir bir \u015fekilde temiz tutma ve b\u00f6lgedeki \u00e7evre bilincini daha da g\u00fc\u00e7lendirme \u00e7abalar\u0131n\u0131n bir par\u00e7as\u0131d\u0131r. (RED\/PM)"}