{"version":"1.0","provider_name":"da.haberler","provider_url":"https:\/\/da.news\/tr\/","title":"\u015earap festivali Darmstadt \u015fehir merkezine kutlama havas\u0131 katt\u0131 - da.news","type":"rich","width":600,"height":338,"html":"<blockquote class=\"wp-embedded-content\" data-secret=\"CyF5sIQ7vy\"><a href=\"https:\/\/da.news\/tr\/sarap-festivali-darmstadt-sehrine-kutlama-havasi-katiyor\/\">&#x15E;arap festivali Darmstadt &#x15F;ehrini kutlama havas&#x131;na soktu<\/a><\/blockquote><iframe sandbox=\"allow-scripts\" security=\"restricted\" src=\"https:\/\/da.news\/tr\/sarap-festivali-darmstadt-sehrine-kutlama-havasi-katiyor\/gommek\/#?secret=CyF5sIQ7vy\" width=\"600\" height=\"338\" title=\"&quot;&#x15E;arap festivali Darmstadt &#x15F;ehir merkezine kutlama havas&#x131; katt&#x131;&quot; &#x2013; da.news\" data-secret=\"CyF5sIQ7vy\" frameborder=\"0\" marginwidth=\"0\" marginheight=\"0\" scrolling=\"no\" class=\"wp-embedded-content\"><\/iframe><script>\n\/*! This file is auto-generated *\/\n!function(d,l){\"use strict\";l.querySelector&&d.addEventListener&&\"undefined\"!=typeof URL&&(d.wp=d.wp||{},d.wp.receiveEmbedMessage||(d.wp.receiveEmbedMessage=function(e){var t=e.data;if((t||t.secret||t.message||t.value)&&!\/[^a-zA-Z0-9]\/.test(t.secret)){for(var s,r,n,a=l.querySelectorAll('iframe[data-secret=\"'+t.secret+'\"]'),o=l.querySelectorAll('blockquote[data-secret=\"'+t.secret+'\"]'),c=new RegExp(\"^https?:$\",\"i\"),i=0;i<o.length;i++)o[i].style.display=\"none\";for(i=0;i<a.length;i++)s=a[i],e.source===s.contentWindow&&(s.removeAttribute(\"style\"),\"height\"===t.message?(1e3<(r=parseInt(t.value,10))?r=1e3:~~r<200&&(r=200),s.height=r):\"link\"===t.message&&(r=new URL(s.getAttribute(\"src\")),n=new URL(t.value),c.test(n.protocol))&&n.host===r.host&&l.activeElement===s&&(d.top.location.href=t.value))}},d.addEventListener(\"message\",d.wp.receiveEmbedMessage,!1),l.addEventListener(\"DOMContentLoaded\",function(){for(var e,t,s=l.querySelectorAll(\"iframe.wp-embedded-content\"),r=0;r<s.length;r++)(t=(e=s[r]).getAttribute(\"data-secret\"))||(t=Math.random().toString(36).substring(2,12),e.src+=\"#?secret=\"+t,e.setAttribute(\"data-secret\",t)),e.contentWindow.postMessage({message:\"ready\",secret:t},\"*\")},!1)))}(window,document);\n\/\/# sourceURL=https:\/\/da.news\/wp-includes\/js\/wp-embed.min.js\n<\/script>\n","thumbnail_width":1731,"thumbnail_height":1154,"description":"3-6 Eyl\u00fcl tarihleri \u200b\u200baras\u0131nda \u015farap, al\u0131\u015fveri\u015f ve aile etkinlikleri \u2013 Pazar g\u00fcnleri saat 13:00-18:00 aras\u0131 al\u0131\u015fveri\u015f. D\u00f6rt g\u00fcn boyunca, Darmstadt \u015fehir merkezi bir kez daha lezzet ve deneyim cennetine d\u00f6n\u00fc\u015fecek: 3 Eyl\u00fcl Per\u015fembe'den 6 Eyl\u00fcl Pazar'a kadar, Darmstadt \u015earap Festivali, Wilhelminenstra\u00dfe boyunca \u015farap ve yemek tezgahlar\u0131nda tad\u0131m yapmaya ve vakit ge\u00e7irmeye davet ediyor. \u015earap festivali, yarat\u0131c\u0131 bir pazar, bisiklet etkinli\u011fi, aile etkinlikleri ve Pazar al\u0131\u015fveri\u015fi de dahil olmak \u00fczere \u00e7e\u015fitli bir \u015fehir program\u0131yla tamamlan\u0131yor. \u015eehir merkezindeki d\u00fckkanlar Pazar g\u00fcn\u00fc saat 13:00-18:00 aras\u0131 a\u00e7\u0131k olacak. \"G\u00fczel \u015eeyler Pazar\u0131\"nda 80'den fazla marka. Pazar g\u00fcn\u00fc yeni bir etkinlik ba\u015fl\u0131yor: \u00c5 P\u00c4VI'nin G\u00fczel \u015eeyler Pazar\u0131, Friedensplatz, Centralstation ve Carree'ye ta\u015f\u0131n\u0131yor. Saat 11:00-18:00 aras\u0131nda, 80'den fazla tasar\u0131mc\u0131 ve \u00fcretici, moda ve m\u00fccevherden ev aksesuarlar\u0131na kadar el yap\u0131m\u0131 \u00fcr\u00fcnler sunacak. Yiyecek kamyonlar\u0131, i\u00e7ecekler ve aile program\u0131, yarat\u0131c\u0131 pazar\u0131 tamaml\u0131yor. Eski McDonald's binas\u0131nda s\u00fcper indirim ba\u015fl\u0131yor. Ayr\u0131ca Pazar g\u00fcn\u00fc, Darmstadt'\u0131n trend ma\u011fazalar\u0131n\u0131n s\u00fcper indirimi ba\u015fl\u0131yor. Ernst-Ludwig-Stra\u00dfe 26 adresindeki eski McDonald's binas\u0131nda, d\u00f6rt tan\u0131nm\u0131\u015f ma\u011faza stoklar\u0131n\u0131 bo\u015falt\u0131yor ve moda ve sokak giyim \u00fcr\u00fcnlerini indirimli fiyatlarla sunuyor. \u0130ndirim, 6-12 Eyl\u00fcl tarihleri \u200b\u200baras\u0131nda, her g\u00fcn saat 13:00-18:00 aras\u0131nda devam ediyor. Kat\u0131lan ma\u011fazalar aras\u0131nda Agentur Derbe, MAMACITA, P2 ve RAILSLIDE yer al\u0131yor. Bisiklet G\u00fcn\u00fc ve \u00c7ocuk Hareketlili\u011fi Odak Noktas\u0131nda. Pazar g\u00fcn\u00fc, saat 11:00-16:00 aras\u0131nda, pazar yerinde her \u015fey bisiklet etraf\u0131nda d\u00f6n\u00fcyor. 15. Darmstadt Bisiklet G\u00fcn\u00fc'nde ziyaret\u00e7iler, bisiklet bit pazar\u0131, \u00fccretsiz bisiklet kayd\u0131, bisiklet kontrol\u00fc, rik\u015fa ile deneme s\u00fcr\u00fc\u015fleri ve STADTRADELN (\u015eehir Bisikleti) kampanyas\u0131n\u0131n \u00f6d\u00fcl t\u00f6renini bekleyebilirler. \u0130lk kez, yol g\u00fcvenli\u011fi konusunda fark\u0131ndal\u0131\u011f\u0131 e\u011flenceli bir \u015fekilde art\u0131rmak amac\u0131yla \u00c7ocuk Hareketlilik G\u00fcn\u00fc de e\u015f zamanl\u0131 olarak d\u00fczenlenecek. KinderKiste (\u00c7ocuk Kutusu) \u015fehir merkezinde bir durak yapacak. Aileler de e\u011flenecek bir \u015feyler bulacaklar: KinderKiste Cumartesi g\u00fcn\u00fc Carree al\u0131\u015fveri\u015f merkezinde ve Pazar g\u00fcn\u00fc Ludwigsplatz'da olacak. Her g\u00fcn saat 13:00 ile 18:00 aras\u0131nda, \u00e7ocuklar i\u00e7in b\u00fcy\u00fck oyunlar, ara\u00e7lar, yap\u0131 bloklar\u0131 ve Pazar g\u00fcn\u00fc y\u00fcz boyama etkinlikleri d\u00fczenlenecek. \u015earap Festivali'ne genel bak\u0131\u015f: 3 Eyl\u00fcl Per\u015fembe - 6 Eyl\u00fcl Pazar: Wilhelminenstra\u00dfe'de Darmstadt \u015earap Festivali; 6 Eyl\u00fcl Pazar: A\u00e7\u0131k Pazar (13:00-18:00); Pazar, 11:00-18:00: G\u00fczel \u015eeyler Pazar\u0131; Pazar, 11:00-16:00: Bisiklet G\u00fcn\u00fc ve \u00c7ocuk Hareketlilik G\u00fcn\u00fc; Cumartesi ve Pazar, 13:00-18:00: \u015eehir merkezinde KinderKiste (DARMSTADT \u2013 RED\/PM\/CM) \u00d6ne \u00e7\u0131kan g\u00f6rsel: Nouki Ehlers"}