{"version":"1.0","provider_name":"da.haberler","provider_url":"https:\/\/da.news\/tr\/","title":"Bilim kenti Darmstadt devlet fonu ald\u0131 - da.news","type":"rich","width":600,"height":338,"html":"<blockquote class=\"wp-embedded-content\" data-secret=\"dMkMwF2Ej0\"><a href=\"https:\/\/da.news\/tr\/bilim-sehri-darmstadt-devletten-fon-aliyor\/\">Bilim kenti Darmstadt devletten fon deste&#x11F;i ald&#x131;<\/a><\/blockquote><iframe sandbox=\"allow-scripts\" security=\"restricted\" src=\"https:\/\/da.news\/tr\/bilim-sehri-darmstadt-devletten-fon-aliyor\/gommek\/#?secret=dMkMwF2Ej0\" width=\"600\" height=\"338\" title=\"&amp;quot;Bilim &#x15F;ehri Darmstadt, devletten fon deste&#x11F;i al&#x131;yor&amp;quot; &#x2013; da.news\" data-secret=\"dMkMwF2Ej0\" frameborder=\"0\" marginwidth=\"0\" marginheight=\"0\" scrolling=\"no\" class=\"wp-embedded-content\"><\/iframe><script type=\"text\/javascript\">\n\/* <![CDATA[ *\/\n\/*! This file is auto-generated *\/\n!function(d,l){\"use strict\";l.querySelector&&d.addEventListener&&\"undefined\"!=typeof URL&&(d.wp=d.wp||{},d.wp.receiveEmbedMessage||(d.wp.receiveEmbedMessage=function(e){var t=e.data;if((t||t.secret||t.message||t.value)&&!\/[^a-zA-Z0-9]\/.test(t.secret)){for(var s,r,n,a=l.querySelectorAll('iframe[data-secret=\"'+t.secret+'\"]'),o=l.querySelectorAll('blockquote[data-secret=\"'+t.secret+'\"]'),c=new RegExp(\"^https?:$\",\"i\"),i=0;i<o.length;i++)o[i].style.display=\"none\";for(i=0;i<a.length;i++)s=a[i],e.source===s.contentWindow&&(s.removeAttribute(\"style\"),\"height\"===t.message?(1e3<(r=parseInt(t.value,10))?r=1e3:~~r<200&&(r=200),s.height=r):\"link\"===t.message&&(r=new URL(s.getAttribute(\"src\")),n=new URL(t.value),c.test(n.protocol))&&n.host===r.host&&l.activeElement===s&&(d.top.location.href=t.value))}},d.addEventListener(\"message\",d.wp.receiveEmbedMessage,!1),l.addEventListener(\"DOMContentLoaded\",function(){for(var e,t,s=l.querySelectorAll(\"iframe.wp-embedded-content\"),r=0;r<s.length;r++)(t=(e=s[r]).getAttribute(\"data-secret\"))||(t=Math.random().toString(36).substring(2,12),e.src+=\"#?secret=\"+t,e.setAttribute(\"data-secret\",t)),e.contentWindow.postMessage({message:\"ready\",secret:t},\"*\")},!1)))}(window,document);\n\/\/# sourceURL=https:\/\/da.news\/wp-includes\/js\/wp-embed.min.js\n\/* ]]> *\/\n<\/script>\n","thumbnail_width":2560,"thumbnail_height":1707,"description":"Arheilgen, Waldkolonie ve Lincoln-Siedlung Faydalanacak: Belediye Ba\u015fkan\u0131 ve Sosyal Hizmetler Ba\u015fkan\u0131 Barbara Akdeniz, 22 Ocak'ta Hessen Sosyal \u0130\u015fler Bakan\u0131 Heike Hofmann'dan Arheilgen (Muckerhaus), Waldkolonie (Siegfried-Geppert-Haus) ve Lincoln-Siedlung (Quartierwerkstatt) b\u00f6lgelerindeki toplumsal kalk\u0131nma projelerini desteklemek amac\u0131yla 307.000 \u20ac'luk bir hibe ald\u0131. Bu \u00fc\u00e7 b\u00f6lgedeki toplumsal kalk\u0131nma \u00e7al\u0131\u015fmalar\u0131, 2016 y\u0131l\u0131ndan beri Hessen devletinin toplumsal kalk\u0131nma fonlama program\u0131 taraf\u0131ndan desteklenmektedir. Belediye Ba\u015fkan\u0131 Akdeniz \u015funlar\u0131 s\u00f6yledi: \u201cBu fonun Arheilgen, Waldkolonie ve Lincoln-Siedlung'daki ba\u015far\u0131l\u0131 \u00e7al\u0131\u015fmalar\u0131m\u0131za devam etmemizi sa\u011flayacak olmas\u0131ndan dolay\u0131 \u00e7ok mutluyum. Bu sayede, sakinlerin ihtiya\u00e7lar\u0131na g\u00f6re uyarlanm\u0131\u015f etkili programlar olu\u015fturabiliyor ve ayn\u0131 zamanda onlar\u0131n toplumsal hayata kat\u0131l\u0131m\u0131n\u0131 kolayla\u015ft\u0131rabiliyoruz.\u201d Akdeniz, Darmstadt'\u0131n metropol dinamizmi ve uluslararas\u0131 havas\u0131yla b\u00fcy\u00fcyen ve ekonomik olarak geli\u015fen, \u00e7e\u015fitli ve y\u00fcksek kaliteli bir altyap\u0131 sunan bir \u015fehir oldu\u011funu s\u00f6zlerine ekledi. Bununla birlikte, Akdeniz'e g\u00f6re burada yoksulluk ve sosyal d\u0131\u015flanma da mevcut. Bu durum, sosyal alanlarda ve yak\u0131n \u00e7evrelerde a\u00e7\u0131k\u00e7a g\u00f6r\u00fcl\u00fcyor. Bu nedenle, toplumsal \u00e7al\u0131\u015fmalar \u00e7er\u00e7evesinde sosyal a\u00e7\u0131dan dezavantajl\u0131 mahallelere \u00f6zel bir odaklanma b\u00fcy\u00fck \u00f6nem ta\u015f\u0131yor. Ayn\u0131 zamanda, bu sosyal alanlar\u0131n g\u00fc\u00e7lendirilmesi ve istikrara kavu\u015fturulmas\u0131 da \u00e7ok \u00f6nemli: \u201cToplumsal \u00e7al\u0131\u015fma, yoksulluk ve sosyal d\u0131\u015flanman\u0131n \u00fcstesinden gelmek i\u00e7in belediye sosyal politikas\u0131n\u0131n temel bir aya\u011f\u0131d\u0131r. Darmstadt'\u0131n sosyal politikas\u0131n\u0131n ilkeleri olan \u00f6nleme, kat\u0131l\u0131m, topluluk temelli yakla\u015f\u0131m ve kapsay\u0131c\u0131l\u0131k temelinde, sosyal veya etnik k\u00f6kene dayal\u0131 d\u0131\u015flanma, ayr\u0131mc\u0131l\u0131k, damgalanma ve ayr\u0131mc\u0131l\u0131\u011fa kar\u015f\u0131 birlikte s\u00fcrekli olarak \u00e7al\u0131\u015f\u0131yoruz. \u015eehir, y\u0131llard\u0131r bu taahh\u00fcd\u00fcn\u00fc, sahada toplumsal \u00e7al\u0131\u015fmalar\u0131n uygulanmas\u0131 ve korunmas\u0131 i\u00e7in belediye fonlar\u0131 sa\u011flayarak vurgulam\u0131\u015ft\u0131r. Lincoln yerle\u015fimindeki gibi yeni mahallelerin g\u00fc\u00e7lendirilmesi bu ba\u011flamda \u00f6zellikle de\u011ferlidir.\u201d Nitelikli sosyal hizmet uzmanlar\u0131, sosyal olarak dezavantajl\u0131 ki\u015filerin siyasi s\u00fcre\u00e7lere aktif olarak kat\u0131lmalar\u0131n\u0131 ve ilgi alanlar\u0131n\u0131 ve ihtiya\u00e7lar\u0131n\u0131 dile getirmelerini destekler ve g\u00fc\u00e7lendirir. Ayn\u0131 zamanda, topluluk \u00e7al\u0131\u015fmas\u0131 ilkesi, ayr\u0131mc\u0131 ko\u015fullar\u0131n yap\u0131sal d\u00f6n\u00fc\u015f\u00fcm\u00fcne de katk\u0131da bulunur. Arheilgen, Waldkolonie ve Lincoln-Siedlung'daki topluluk \u00e7al\u0131\u015fmalar\u0131, Darmstadt Belediyesi ad\u0131na Regional Diakonie Darmstadt-Dieburg taraf\u0131ndan y\u00fcr\u00fct\u00fclmektedir. Regional Diakonie Darmstadt-Dieburg Direkt\u00f6r\u00fc Jenna Reibold, \"Destekleyici kurulu\u015f olarak, \u00fc\u00e7 lokasyondaki topluluk \u00e7al\u0131\u015fmalar\u0131n\u0131n iki y\u0131l daha devlet fonlar\u0131yla desteklenecek olmas\u0131ndan memnuniyet duyuyoruz ve devlet h\u00fck\u00fcmetini fonlama program\u0131n\u0131 2026'dan sonra da devam ettirmeye \u00e7a\u011f\u0131r\u0131yoruz\" dedi. \"Bu kaynaklar, destekleyici kurulu\u015f olarak, yerinde ihtiya\u00e7 temelli sosyal hizmet yoluyla insanlar\u0131n \u00e7e\u015fitli ihtiya\u00e7lar\u0131n\u0131 kar\u015f\u0131lamaya devam etmemizi sa\u011fl\u0131yor. \u0130nsanlar\u0131 daha fazla \u00f6zg\u00fcven kazanmalar\u0131 i\u00e7in harekete ge\u00e7irmek ve g\u00fc\u00e7lendirmek bizim i\u00e7in \u00f6zellikle \u00f6nemlidir.\" Mahalle ve semt sakinleri aras\u0131nda s\u00fcrd\u00fcr\u00fclebilir bir sosyal ve politik bilin\u00e7 olu\u015fturmak ve onlar\u0131n hak ve \u00e7\u0131karlar\u0131n\u0131 aktif olarak savunmalar\u0131n\u0131 sa\u011flamak i\u00e7in, topluluk \u00e7al\u0131\u015fmalar\u0131 \u00f6nemli zaman ve personel kaynaklar\u0131 gerektirir. Jenna Reibold, \"Bizim g\u00f6r\u00fc\u015f\u00fcm\u00fcze g\u00f6re, uzun vadeli mahalle geli\u015fimini desteklemek i\u00e7in belediyeler i\u00e7in fonlamada \u00f6nemli bir art\u0131\u015f gereklidir. Bu ba\u011flamda, Hessen Eyaleti taraf\u0131ndan sa\u011flanan fon, \u00f6zellikle geli\u015fim ihtiya\u00e7lar\u0131 olan sosyal alanlarda ya\u015fayan insanlara olumlu bir sinyal g\u00f6nderiyor. Sosyal hizmetlerin giderek belediyele\u015ftirilmesi g\u00f6z \u00f6n\u00fcne al\u0131nd\u0131\u011f\u0131nda, desteklenen mahallelerde ya\u015fayan insanlar\u0131n uzun vadeli kat\u0131l\u0131m\u0131n\u0131 sa\u011flamak i\u00e7in yerel topluluk \u00e7al\u0131\u015fmalar\u0131n\u0131 yeterince g\u00fc\u00e7lendirmek \u00e7ok \u00f6nemlidir\" diye ekliyor. Topluluk \u00e7al\u0131\u015fma merkezleri Eberstadt-S\u00fcd, Pallaswiesen-Morneweg b\u00f6lgesi (Caritas Derne\u011fi taraf\u0131ndan y\u00f6netiliyor), Lincoln yerle\u015fimi, Kranichstein, Waldkolonie, Arheilgen (Darmstadt-Dieburg B\u00f6lgesel Diakonisi taraf\u0131ndan y\u00f6netiliyor) ve Postsiedlung'da (Zusammen in der Postsiedlung eV taraf\u0131ndan y\u00f6netiliyor) bulunmaktad\u0131r. Konuma ba\u011fl\u0131 olarak, bu hizmetler Darmstadt Belediyesi taraf\u0131ndan federal ve eyalet s\u00fcbvansiyonlar\u0131n\u0131n yan\u0131 s\u0131ra ilgili sosyal hizmet sa\u011flay\u0131c\u0131lar\u0131n\u0131n kendi fonlar\u0131yla finanse edilmektedir. (DARMSTADT \u2013 PSD \/ dk)"}